{"id":53,"date":"2020-11-03T22:06:59","date_gmt":"2020-11-03T21:06:59","guid":{"rendered":"http:\/\/lavoixdupaysan-fngn-bf.org\/?page_id=53"},"modified":"2021-02-02T16:32:37","modified_gmt":"2021-02-02T15:32:37","slug":"accueil","status":"publish","type":"page","link":"https:\/\/lavoixdupaysan-fngn-bf.org\/","title":{"rendered":"ACCUEIL"},"content":{"rendered":"\n<p><\/p>\n\n\n<p>\r\n<div class=\"title-home\"><h3>L&rsquo;ACTU DU MOMENT <\/h3><\/div><div class=\"space_hr\"><\/div><\/p>\n\r\n  <div class=\"home-post\">\r\n    <div class=\"home-width fixed\">\r\n      <div class=\"blog-home\">\r\n        <h2 class=\"event-arc-title\"><a href=\"https:\/\/lavoixdupaysan-fngn-bf.org\/index.php\/2022\/08\/17\/rentree-scolaire-le-combat-de-zackaria-serebeogo\/\">Rentr\u00e9e scolaire : Le combat de Zackaria S\u00e9r\u00e9beogo<\/a><\/h2>\r\n        <div class=\"blog-home-info\">\r\n          <p class=\"blog-user\">Marie Younga<\/p> \r\n          <p class=\"blog-date\">ao\u00fbt 17th, 2022<\/p> \r\n          <p class=\"blog-comment\"><a href=\"https:\/\/lavoixdupaysan-fngn-bf.org\/index.php\/2022\/08\/17\/rentree-scolaire-le-combat-de-zackaria-serebeogo\/#respond\">No comments<\/a><\/p> \r\n        <\/div><!-- end .blog-home-info -->\r\n        <p> Depuis le 31 Mai 2022, les \u00e9l\u00e8ves sont en vacances. Si d\u2019autres profitent de ces instants pour voyager, se distraire et s\u2019ouvrir davantage au monde, ce n\u2019est pas le cas pour Zakaria S\u00e9r\u00e9beogo  ...<\/p>\r\n        <div class=\"blog-arc-more\"><a href=\"https:\/\/lavoixdupaysan-fngn-bf.org\/index.php\/2022\/08\/17\/rentree-scolaire-le-combat-de-zackaria-serebeogo\/\" rel=\"bookmark\">Read more<\/a><\/div>\r\n      <\/div><!-- end .blog-home -->                   \r\n    <\/div><!-- end .home-width fixed -->\r\n    <div class=\"home-width fixed\">\r\n      <div class=\"blog-home\">\r\n        <div class=\"blog-home-cover\">\r\n          <a href=\"https:\/\/lavoixdupaysan-fngn-bf.org\/index.php\/2022\/01\/17\/candidatures-ouvertes-pour-le-prix-africain-de-lalimentation-2022\/\">\r\n            <img src=\"https:\/\/lavoixdupaysan-fngn-bf.org\/wp-content\/uploads\/2022\/01\/Logo-Africa-Food-Prize-220x166.jpg\" alt=\"Candidatures ouvertes pour le Prix africain de l&rsquo;alimentation 2022\" \/>\r\n          <\/a>\r\n        <\/div><!-- end .blog-home-cover --> \r\n        <h2 class=\"event-arc-title\"><a href=\"https:\/\/lavoixdupaysan-fngn-bf.org\/index.php\/2022\/01\/17\/candidatures-ouvertes-pour-le-prix-africain-de-lalimentation-2022\/\">Candidatures ouvertes pour le Prix africain de l&rsquo;alimentation 2022<\/a><\/h2>\r\n        <div class=\"blog-home-info\">\r\n          <p class=\"blog-user\">admin9721<\/p> \r\n          <p class=\"blog-date\">janvier 17th, 2022<\/p> \r\n          <p class=\"blog-comment\"><a href=\"https:\/\/lavoixdupaysan-fngn-bf.org\/index.php\/2022\/01\/17\/candidatures-ouvertes-pour-le-prix-africain-de-lalimentation-2022\/#respond\">No comments<\/a><\/p> \r\n        <\/div><!-- end .blog-home-info -->\r\n        <p>Nairobi, Kenya, le 17 janvier 2022 &#8211; Le Comit\u00e9 du Prix africain de l&rsquo;alimentation a le plaisir d&rsquo;annoncer le lancement des nominations pour l&rsquo;\u00e9dition 2022 du Prix africain <\/p>\r\n        <div class=\"blog-arc-more\"><a href=\"https:\/\/lavoixdupaysan-fngn-bf.org\/index.php\/2022\/01\/17\/candidatures-ouvertes-pour-le-prix-africain-de-lalimentation-2022\/\" rel=\"bookmark\">Read more<\/a><\/div>\r\n      <\/div><!-- end .blog-home -->                   \r\n    <\/div><!-- end .home-width fixed -->\r\n    <div class=\"home-width fixed\">\r\n      <div class=\"blog-home\">\r\n        <h2 class=\"event-arc-title\"><a href=\"https:\/\/lavoixdupaysan-fngn-bf.org\/index.php\/2021\/12\/08\/baore-tradition-depargne-et-de-credits-btec-une-nouvelle-agence-souvre-a-bobo-dioulasso\/\">Baor\u00e9 Tradition d\u2019Epargne et de Cr\u00e9dits (BTEC) : une nouvelle agence s\u2019ouvre \u00e0 Bobo Dioulasso.<\/a><\/h2>\r\n        <div class=\"blog-home-info\">\r\n          <p class=\"blog-user\">Boris Ou\u00e9draogo<\/p> \r\n          <p class=\"blog-date\">d\u00e9cembre 8th, 2021<\/p> \r\n          <p class=\"blog-comment\"><a href=\"https:\/\/lavoixdupaysan-fngn-bf.org\/index.php\/2021\/12\/08\/baore-tradition-depargne-et-de-credits-btec-une-nouvelle-agence-souvre-a-bobo-dioulasso\/#respond\">No comments<\/a><\/p> \r\n        <\/div><!-- end .blog-home-info -->\r\n        <p> Le pr\u00e9sident de la F\u00e9d\u00e9ration Nationale des Groupements Naam (FNGN) a proc\u00e9d\u00e9 \u00e0 l\u2019inauguration de l\u2019agence Baor\u00e9 Tradition d\u2019Epargne et de Cr\u00e9dits (BTEC) de Bobo Dioulasso, le vendredi 26  ...<\/p>\r\n        <div class=\"blog-arc-more\"><a href=\"https:\/\/lavoixdupaysan-fngn-bf.org\/index.php\/2021\/12\/08\/baore-tradition-depargne-et-de-credits-btec-une-nouvelle-agence-souvre-a-bobo-dioulasso\/\" rel=\"bookmark\">Read more<\/a><\/div>\r\n      <\/div><!-- end .blog-home -->                   \r\n    <\/div><!-- end .home-width fixed -->\r\n  <\/div><!-- end .home-post -->\n","protected":false},"excerpt":{"rendered":"","protected":false},"author":1,"featured_media":0,"parent":0,"menu_order":0,"comment_status":"closed","ping_status":"closed","template":"","meta":[],"_links":{"self":[{"href":"https:\/\/lavoixdupaysan-fngn-bf.org\/index.php\/wp-json\/wp\/v2\/pages\/53"}],"collection":[{"href":"https:\/\/lavoixdupaysan-fngn-bf.org\/index.php\/wp-json\/wp\/v2\/pages"}],"about":[{"href":"https:\/\/lavoixdupaysan-fngn-bf.org\/index.php\/wp-json\/wp\/v2\/types\/page"}],"author":[{"embeddable":true,"href":"https:\/\/lavoixdupaysan-fngn-bf.org\/index.php\/wp-json\/wp\/v2\/users\/1"}],"replies":[{"embeddable":true,"href":"https:\/\/lavoixdupaysan-fngn-bf.org\/index.php\/wp-json\/wp\/v2\/comments?post=53"}],"version-history":[{"count":3,"href":"https:\/\/lavoixdupaysan-fngn-bf.org\/index.php\/wp-json\/wp\/v2\/pages\/53\/revisions"}],"predecessor-version":[{"id":201,"href":"https:\/\/lavoixdupaysan-fngn-bf.org\/index.php\/wp-json\/wp\/v2\/pages\/53\/revisions\/201"}],"wp:attachment":[{"href":"https:\/\/lavoixdupaysan-fngn-bf.org\/index.php\/wp-json\/wp\/v2\/media?parent=53"}],"curies":[{"name":"wp","href":"https:\/\/api.w.org\/{rel}","templated":true}]}}